{"id":3616,"date":"2021-01-30T10:49:25","date_gmt":"2021-01-30T10:49:25","guid":{"rendered":"https:\/\/www.artifex-bern.ch\/project\/renovations-3\/"},"modified":"2022-10-20T11:54:03","modified_gmt":"2022-10-20T11:54:03","slug":"renovations-3","status":"publish","type":"project","link":"https:\/\/www.artifex-bern.ch\/fr\/project\/renovations-3\/","title":{"rendered":"R\u00e9novations"},"content":{"rendered":"\n<p><p><strong>Situation initiale:<\/strong> un appartement de 2,5 pi\u00e8ces doit \u00eatre r\u00e9nov\u00e9.<br\/><strong>Solution:<\/strong> Nouvelle r\u00e9partition des pi\u00e8ces, r\u00e9nover le sol, la cuisine et la salle de bain<\/p><\/p>\n\n<p><p><strong>Travaux r\u00e9alis\u00e9s:<\/strong><\/p><\/p>\n\n<ul class=\"wp-block-list\"><li>Conseil et m\u00e9tr\u00e9<\/li><li>Travaux de d\u00e9molition et de ma\u00e7onnerie<\/li><li>Travaux d&rsquo;\u00e9lectricit\u00e9 : Nouveaux c\u00e2bles, etc.<\/li><li>Salle de bains : nouvelles conduites sanitaires, pose de carrelage, montage d&rsquo;appareils sanitaires<\/li><li>Cuisine : \u00e9lectricit\u00e9 et installation d&rsquo;une nouvelle cuisine<\/li><li>Sol : pose de vinyle<\/li><\/ul>\n\n<p>les r\u00e9novations : D\u00e9montage, d\u00e9molition et travaux pr\u00e9paratoires<\/p>\n\n<figure class=\"wp-block-gallery columns-4 is-cropped wp-block-gallery-1 is-layout-flex wp-block-gallery-is-layout-flex\"><ul class=\"blocks-gallery-grid\"><li class=\"blocks-gallery-item\"><figure><img loading=\"lazy\" decoding=\"async\" width=\"800\" height=\"600\" src=\"https:\/\/www.artifex-bern.ch\/wp-content\/uploads\/2021\/01\/1_Renovationen_Umbau_Abriss_Demontage_Abspitzen_Bern_Murten.jpg\" alt=\"\" data-id=\"2373\" data-full-url=\"https:\/\/www.artifex-bern.ch\/wp-content\/uploads\/2021\/01\/1_Renovationen_Umbau_Abriss_Demontage_Abspitzen_Bern_Murten.jpg\" data-link=\"https:\/\/www.artifex-bern.ch\/?attachment_id=2373\" class=\"wp-image-2373\" srcset=\"https:\/\/www.artifex-bern.ch\/wp-content\/uploads\/2021\/01\/1_Renovationen_Umbau_Abriss_Demontage_Abspitzen_Bern_Murten.jpg 800w, https:\/\/www.artifex-bern.ch\/wp-content\/uploads\/2021\/01\/1_Renovationen_Umbau_Abriss_Demontage_Abspitzen_Bern_Murten-480x360.jpg 480w\" sizes=\"(min-width: 0px) and (max-width: 480px) 480px, (min-width: 481px) 800px, 100vw\" \/><\/figure><\/li><li class=\"blocks-gallery-item\"><figure><img loading=\"lazy\" decoding=\"async\" width=\"800\" height=\"600\" src=\"https:\/\/www.artifex-bern.ch\/wp-content\/uploads\/2021\/01\/2_Renovationen_Umbau_Abriss_Demontage_Abspitzen_Bern_Murten.jpg\" alt=\"\" data-id=\"2374\" data-full-url=\"https:\/\/www.artifex-bern.ch\/wp-content\/uploads\/2021\/01\/2_Renovationen_Umbau_Abriss_Demontage_Abspitzen_Bern_Murten.jpg\" data-link=\"https:\/\/www.artifex-bern.ch\/?attachment_id=2374\" class=\"wp-image-2374\" srcset=\"https:\/\/www.artifex-bern.ch\/wp-content\/uploads\/2021\/01\/2_Renovationen_Umbau_Abriss_Demontage_Abspitzen_Bern_Murten.jpg 800w, https:\/\/www.artifex-bern.ch\/wp-content\/uploads\/2021\/01\/2_Renovationen_Umbau_Abriss_Demontage_Abspitzen_Bern_Murten-480x360.jpg 480w\" sizes=\"(min-width: 0px) and (max-width: 480px) 480px, (min-width: 481px) 800px, 100vw\" \/><\/figure><\/li><li class=\"blocks-gallery-item\"><figure><img loading=\"lazy\" decoding=\"async\" width=\"800\" height=\"600\" src=\"https:\/\/www.artifex-bern.ch\/wp-content\/uploads\/2021\/01\/3_Renovationen_Umbau_Abriss_Demontage_Abspitzen_Bern_Murten.jpg\" alt=\"\" data-id=\"2375\" data-full-url=\"https:\/\/www.artifex-bern.ch\/wp-content\/uploads\/2021\/01\/3_Renovationen_Umbau_Abriss_Demontage_Abspitzen_Bern_Murten.jpg\" data-link=\"https:\/\/www.artifex-bern.ch\/?attachment_id=2375\" class=\"wp-image-2375\" srcset=\"https:\/\/www.artifex-bern.ch\/wp-content\/uploads\/2021\/01\/3_Renovationen_Umbau_Abriss_Demontage_Abspitzen_Bern_Murten.jpg 800w, https:\/\/www.artifex-bern.ch\/wp-content\/uploads\/2021\/01\/3_Renovationen_Umbau_Abriss_Demontage_Abspitzen_Bern_Murten-480x360.jpg 480w\" sizes=\"(min-width: 0px) and (max-width: 480px) 480px, (min-width: 481px) 800px, 100vw\" \/><\/figure><\/li><li class=\"blocks-gallery-item\"><figure><img loading=\"lazy\" decoding=\"async\" width=\"800\" height=\"600\" src=\"https:\/\/www.artifex-bern.ch\/wp-content\/uploads\/2021\/01\/4_Renovationen_Umbau_Abriss_Demontage_Abspitzen_Bern_Murten.jpg\" alt=\"\" data-id=\"2376\" data-full-url=\"https:\/\/www.artifex-bern.ch\/wp-content\/uploads\/2021\/01\/4_Renovationen_Umbau_Abriss_Demontage_Abspitzen_Bern_Murten.jpg\" data-link=\"https:\/\/www.artifex-bern.ch\/?attachment_id=2376\" class=\"wp-image-2376\" srcset=\"https:\/\/www.artifex-bern.ch\/wp-content\/uploads\/2021\/01\/4_Renovationen_Umbau_Abriss_Demontage_Abspitzen_Bern_Murten.jpg 800w, https:\/\/www.artifex-bern.ch\/wp-content\/uploads\/2021\/01\/4_Renovationen_Umbau_Abriss_Demontage_Abspitzen_Bern_Murten-480x360.jpg 480w\" sizes=\"(min-width: 0px) and (max-width: 480px) 480px, (min-width: 481px) 800px, 100vw\" \/><\/figure><\/li><\/ul><\/figure>\n\n<p>Transformation de la salle de bains<\/p>\n\n<figure class=\"wp-block-gallery columns-4 is-cropped wp-block-gallery-2 is-layout-flex wp-block-gallery-is-layout-flex\"><ul class=\"blocks-gallery-grid\"><li class=\"blocks-gallery-item\"><figure><img loading=\"lazy\" decoding=\"async\" width=\"600\" height=\"800\" src=\"https:\/\/www.artifex-bern.ch\/wp-content\/uploads\/2021\/01\/1_Badezimmer_Umbau_Renovationen_Sanitaer_Bodenleger_Bern.jpg\" alt=\"\" data-id=\"2377\" data-link=\"https:\/\/www.artifex-bern.ch\/?attachment_id=2377\" class=\"wp-image-2377\" srcset=\"https:\/\/www.artifex-bern.ch\/wp-content\/uploads\/2021\/01\/1_Badezimmer_Umbau_Renovationen_Sanitaer_Bodenleger_Bern.jpg 600w, https:\/\/www.artifex-bern.ch\/wp-content\/uploads\/2021\/01\/1_Badezimmer_Umbau_Renovationen_Sanitaer_Bodenleger_Bern-480x640.jpg 480w\" sizes=\"(min-width: 0px) and (max-width: 480px) 480px, (min-width: 481px) 600px, 100vw\" \/><\/figure><\/li><li class=\"blocks-gallery-item\"><figure><img loading=\"lazy\" decoding=\"async\" width=\"603\" height=\"800\" src=\"https:\/\/www.artifex-bern.ch\/wp-content\/uploads\/2021\/01\/2_Badezimmer_Umbau_Renovationen_Sanitaer_Bodenleger_Bern.jpg\" alt=\"\" data-id=\"2378\" data-link=\"https:\/\/www.artifex-bern.ch\/?attachment_id=2378\" class=\"wp-image-2378\" srcset=\"https:\/\/www.artifex-bern.ch\/wp-content\/uploads\/2021\/01\/2_Badezimmer_Umbau_Renovationen_Sanitaer_Bodenleger_Bern.jpg 603w, https:\/\/www.artifex-bern.ch\/wp-content\/uploads\/2021\/01\/2_Badezimmer_Umbau_Renovationen_Sanitaer_Bodenleger_Bern-480x637.jpg 480w\" sizes=\"(min-width: 0px) and (max-width: 480px) 480px, (min-width: 481px) 603px, 100vw\" \/><\/figure><\/li><li class=\"blocks-gallery-item\"><figure><img loading=\"lazy\" decoding=\"async\" width=\"600\" height=\"800\" src=\"https:\/\/www.artifex-bern.ch\/wp-content\/uploads\/2021\/01\/3_Badezimmer_Umbau_Renovationen_Sanitaer_Bodenleger_Bern.jpg\" alt=\"\" data-id=\"2379\" data-link=\"https:\/\/www.artifex-bern.ch\/?attachment_id=2379\" class=\"wp-image-2379\" srcset=\"https:\/\/www.artifex-bern.ch\/wp-content\/uploads\/2021\/01\/3_Badezimmer_Umbau_Renovationen_Sanitaer_Bodenleger_Bern.jpg 600w, https:\/\/www.artifex-bern.ch\/wp-content\/uploads\/2021\/01\/3_Badezimmer_Umbau_Renovationen_Sanitaer_Bodenleger_Bern-480x640.jpg 480w\" sizes=\"(min-width: 0px) and (max-width: 480px) 480px, (min-width: 481px) 600px, 100vw\" \/><\/figure><\/li><li class=\"blocks-gallery-item\"><figure><img loading=\"lazy\" decoding=\"async\" width=\"600\" height=\"800\" src=\"https:\/\/www.artifex-bern.ch\/wp-content\/uploads\/2021\/01\/4_Badezimmer_Umbau_Renovationen_Sanitaer_Bodenleger_Bern.jpg\" alt=\"\" data-id=\"2380\" data-link=\"https:\/\/www.artifex-bern.ch\/?attachment_id=2380\" class=\"wp-image-2380\" srcset=\"https:\/\/www.artifex-bern.ch\/wp-content\/uploads\/2021\/01\/4_Badezimmer_Umbau_Renovationen_Sanitaer_Bodenleger_Bern.jpg 600w, https:\/\/www.artifex-bern.ch\/wp-content\/uploads\/2021\/01\/4_Badezimmer_Umbau_Renovationen_Sanitaer_Bodenleger_Bern-480x640.jpg 480w\" sizes=\"(min-width: 0px) and (max-width: 480px) 480px, (min-width: 481px) 600px, 100vw\" \/><\/figure><\/li><\/ul><\/figure>\n\n<p>Transformation de la cuisine<\/p>\n\n<figure class=\"wp-block-gallery columns-4 is-cropped wp-block-gallery-3 is-layout-flex wp-block-gallery-is-layout-flex\"><ul class=\"blocks-gallery-grid\"><li class=\"blocks-gallery-item\"><figure><img loading=\"lazy\" decoding=\"async\" width=\"600\" height=\"800\" src=\"https:\/\/www.artifex-bern.ch\/wp-content\/uploads\/2021\/01\/1_Kueche_Umbau_Renovationen_Sanitaer_Elektrik_Bern-1.jpg\" alt=\"\" data-id=\"2393\" data-full-url=\"https:\/\/www.artifex-bern.ch\/wp-content\/uploads\/2021\/01\/1_Kueche_Umbau_Renovationen_Sanitaer_Elektrik_Bern-1.jpg\" data-link=\"https:\/\/www.artifex-bern.ch\/?attachment_id=2393\" class=\"wp-image-2393\" srcset=\"https:\/\/www.artifex-bern.ch\/wp-content\/uploads\/2021\/01\/1_Kueche_Umbau_Renovationen_Sanitaer_Elektrik_Bern-1.jpg 600w, https:\/\/www.artifex-bern.ch\/wp-content\/uploads\/2021\/01\/1_Kueche_Umbau_Renovationen_Sanitaer_Elektrik_Bern-1-480x640.jpg 480w\" sizes=\"(min-width: 0px) and (max-width: 480px) 480px, (min-width: 481px) 600px, 100vw\" \/><\/figure><\/li><li class=\"blocks-gallery-item\"><figure><img loading=\"lazy\" decoding=\"async\" width=\"603\" height=\"800\" src=\"https:\/\/www.artifex-bern.ch\/wp-content\/uploads\/2021\/01\/2_Kueche_Umbau_Renovationen_Sanitaer_Elektrik_Bern-1.jpg\" alt=\"\" data-id=\"2394\" data-full-url=\"https:\/\/www.artifex-bern.ch\/wp-content\/uploads\/2021\/01\/2_Kueche_Umbau_Renovationen_Sanitaer_Elektrik_Bern-1.jpg\" data-link=\"https:\/\/www.artifex-bern.ch\/?attachment_id=2394\" class=\"wp-image-2394\" srcset=\"https:\/\/www.artifex-bern.ch\/wp-content\/uploads\/2021\/01\/2_Kueche_Umbau_Renovationen_Sanitaer_Elektrik_Bern-1.jpg 603w, https:\/\/www.artifex-bern.ch\/wp-content\/uploads\/2021\/01\/2_Kueche_Umbau_Renovationen_Sanitaer_Elektrik_Bern-1-480x637.jpg 480w\" sizes=\"(min-width: 0px) and (max-width: 480px) 480px, (min-width: 481px) 603px, 100vw\" \/><\/figure><\/li><li class=\"blocks-gallery-item\"><figure><img loading=\"lazy\" decoding=\"async\" width=\"603\" height=\"800\" src=\"https:\/\/www.artifex-bern.ch\/wp-content\/uploads\/2021\/01\/3_Kueche_Umbau_Renovationen_Sanitaer_Elektrik_Bern-1.jpg\" alt=\"\" data-id=\"2395\" data-full-url=\"https:\/\/www.artifex-bern.ch\/wp-content\/uploads\/2021\/01\/3_Kueche_Umbau_Renovationen_Sanitaer_Elektrik_Bern-1.jpg\" data-link=\"https:\/\/www.artifex-bern.ch\/?attachment_id=2395\" class=\"wp-image-2395\" srcset=\"https:\/\/www.artifex-bern.ch\/wp-content\/uploads\/2021\/01\/3_Kueche_Umbau_Renovationen_Sanitaer_Elektrik_Bern-1.jpg 603w, https:\/\/www.artifex-bern.ch\/wp-content\/uploads\/2021\/01\/3_Kueche_Umbau_Renovationen_Sanitaer_Elektrik_Bern-1-480x637.jpg 480w\" sizes=\"(min-width: 0px) and (max-width: 480px) 480px, (min-width: 481px) 603px, 100vw\" \/><\/figure><\/li><li class=\"blocks-gallery-item\"><figure><img loading=\"lazy\" decoding=\"async\" width=\"600\" height=\"800\" src=\"https:\/\/www.artifex-bern.ch\/wp-content\/uploads\/2021\/01\/4_Kueche_Umbau_Renovationen_Sanitaer_Elektrik_Bern-1.jpg\" alt=\"\" data-id=\"2396\" data-full-url=\"https:\/\/www.artifex-bern.ch\/wp-content\/uploads\/2021\/01\/4_Kueche_Umbau_Renovationen_Sanitaer_Elektrik_Bern-1.jpg\" data-link=\"https:\/\/www.artifex-bern.ch\/?attachment_id=2396\" class=\"wp-image-2396\" srcset=\"https:\/\/www.artifex-bern.ch\/wp-content\/uploads\/2021\/01\/4_Kueche_Umbau_Renovationen_Sanitaer_Elektrik_Bern-1.jpg 600w, https:\/\/www.artifex-bern.ch\/wp-content\/uploads\/2021\/01\/4_Kueche_Umbau_Renovationen_Sanitaer_Elektrik_Bern-1-480x640.jpg 480w\" sizes=\"(min-width: 0px) and (max-width: 480px) 480px, (min-width: 481px) 600px, 100vw\" \/><\/figure><\/li><\/ul><\/figure>\n\n<p>Poser du vinyle<\/p>\n\n<figure class=\"wp-block-gallery columns-4 is-cropped wp-block-gallery-4 is-layout-flex wp-block-gallery-is-layout-flex\"><ul class=\"blocks-gallery-grid\"><li class=\"blocks-gallery-item\"><figure><img loading=\"lazy\" decoding=\"async\" width=\"800\" height=\"600\" src=\"https:\/\/www.artifex-bern.ch\/wp-content\/uploads\/2021\/01\/1_Parkett_Vinyl_Bodenleger_Bodenbelaege_Handwerker_Bern-1.jpg\" alt=\"\" data-id=\"2397\" data-full-url=\"https:\/\/www.artifex-bern.ch\/wp-content\/uploads\/2021\/01\/1_Parkett_Vinyl_Bodenleger_Bodenbelaege_Handwerker_Bern-1.jpg\" data-link=\"https:\/\/www.artifex-bern.ch\/?attachment_id=2397\" class=\"wp-image-2397\" srcset=\"https:\/\/www.artifex-bern.ch\/wp-content\/uploads\/2021\/01\/1_Parkett_Vinyl_Bodenleger_Bodenbelaege_Handwerker_Bern-1.jpg 800w, https:\/\/www.artifex-bern.ch\/wp-content\/uploads\/2021\/01\/1_Parkett_Vinyl_Bodenleger_Bodenbelaege_Handwerker_Bern-1-480x360.jpg 480w\" sizes=\"(min-width: 0px) and (max-width: 480px) 480px, (min-width: 481px) 800px, 100vw\" \/><\/figure><\/li><li class=\"blocks-gallery-item\"><figure><img loading=\"lazy\" decoding=\"async\" width=\"800\" height=\"600\" src=\"https:\/\/www.artifex-bern.ch\/wp-content\/uploads\/2021\/01\/2_Parkett_Vinyl_Bodenleger_Bodenbelaege_Handwerker_Bern-1.jpg\" alt=\"\" data-id=\"2398\" data-full-url=\"https:\/\/www.artifex-bern.ch\/wp-content\/uploads\/2021\/01\/2_Parkett_Vinyl_Bodenleger_Bodenbelaege_Handwerker_Bern-1.jpg\" data-link=\"https:\/\/www.artifex-bern.ch\/?attachment_id=2398\" class=\"wp-image-2398\" srcset=\"https:\/\/www.artifex-bern.ch\/wp-content\/uploads\/2021\/01\/2_Parkett_Vinyl_Bodenleger_Bodenbelaege_Handwerker_Bern-1.jpg 800w, https:\/\/www.artifex-bern.ch\/wp-content\/uploads\/2021\/01\/2_Parkett_Vinyl_Bodenleger_Bodenbelaege_Handwerker_Bern-1-480x360.jpg 480w\" sizes=\"(min-width: 0px) and (max-width: 480px) 480px, (min-width: 481px) 800px, 100vw\" \/><\/figure><\/li><li class=\"blocks-gallery-item\"><figure><img loading=\"lazy\" decoding=\"async\" width=\"800\" height=\"600\" src=\"https:\/\/www.artifex-bern.ch\/wp-content\/uploads\/2021\/01\/3_Parkett_Vinyl_Bodenleger_Bodenbelaege_Handwerker_Bern-1.jpg\" alt=\"\" data-id=\"2399\" data-full-url=\"https:\/\/www.artifex-bern.ch\/wp-content\/uploads\/2021\/01\/3_Parkett_Vinyl_Bodenleger_Bodenbelaege_Handwerker_Bern-1.jpg\" data-link=\"https:\/\/www.artifex-bern.ch\/?attachment_id=2399\" class=\"wp-image-2399\" srcset=\"https:\/\/www.artifex-bern.ch\/wp-content\/uploads\/2021\/01\/3_Parkett_Vinyl_Bodenleger_Bodenbelaege_Handwerker_Bern-1.jpg 800w, https:\/\/www.artifex-bern.ch\/wp-content\/uploads\/2021\/01\/3_Parkett_Vinyl_Bodenleger_Bodenbelaege_Handwerker_Bern-1-480x360.jpg 480w\" sizes=\"(min-width: 0px) and (max-width: 480px) 480px, (min-width: 481px) 800px, 100vw\" \/><\/figure><\/li><li class=\"blocks-gallery-item\"><figure><img loading=\"lazy\" decoding=\"async\" width=\"800\" height=\"600\" src=\"https:\/\/www.artifex-bern.ch\/wp-content\/uploads\/2021\/01\/4_Parkett_Vinyl_Bodenleger_Bodenbelaege_Handwerker_Bern-1.jpg\" alt=\"\" data-id=\"2400\" data-full-url=\"https:\/\/www.artifex-bern.ch\/wp-content\/uploads\/2021\/01\/4_Parkett_Vinyl_Bodenleger_Bodenbelaege_Handwerker_Bern-1.jpg\" data-link=\"https:\/\/www.artifex-bern.ch\/?attachment_id=2400\" class=\"wp-image-2400\" srcset=\"https:\/\/www.artifex-bern.ch\/wp-content\/uploads\/2021\/01\/4_Parkett_Vinyl_Bodenleger_Bodenbelaege_Handwerker_Bern-1.jpg 800w, https:\/\/www.artifex-bern.ch\/wp-content\/uploads\/2021\/01\/4_Parkett_Vinyl_Bodenleger_Bodenbelaege_Handwerker_Bern-1-480x360.jpg 480w\" sizes=\"(min-width: 0px) and (max-width: 480px) 480px, (min-width: 481px) 800px, 100vw\" \/><\/figure><\/li><\/ul><\/figure>\n\n<p>Travaux d&rsquo;\u00e9lectricit\u00e9<\/p>\n\n<figure class=\"wp-block-gallery columns-4 is-cropped wp-block-gallery-5 is-layout-flex wp-block-gallery-is-layout-flex\"><ul class=\"blocks-gallery-grid\"><li class=\"blocks-gallery-item\"><figure><img loading=\"lazy\" decoding=\"async\" width=\"800\" height=\"600\" src=\"https:\/\/www.artifex-bern.ch\/wp-content\/uploads\/2021\/01\/1_Elektrik_Umbau_Renovationen_Strom_Murten-1.jpg\" alt=\"\" data-id=\"2401\" data-full-url=\"https:\/\/www.artifex-bern.ch\/wp-content\/uploads\/2021\/01\/1_Elektrik_Umbau_Renovationen_Strom_Murten-1.jpg\" data-link=\"https:\/\/www.artifex-bern.ch\/?attachment_id=2401\" class=\"wp-image-2401\" srcset=\"https:\/\/www.artifex-bern.ch\/wp-content\/uploads\/2021\/01\/1_Elektrik_Umbau_Renovationen_Strom_Murten-1.jpg 800w, https:\/\/www.artifex-bern.ch\/wp-content\/uploads\/2021\/01\/1_Elektrik_Umbau_Renovationen_Strom_Murten-1-480x360.jpg 480w\" sizes=\"(min-width: 0px) and (max-width: 480px) 480px, (min-width: 481px) 800px, 100vw\" \/><\/figure><\/li><li class=\"blocks-gallery-item\"><figure><img loading=\"lazy\" decoding=\"async\" width=\"800\" height=\"600\" src=\"https:\/\/www.artifex-bern.ch\/wp-content\/uploads\/2021\/01\/2_Elektrik_Umbau_Renovationen_Strom_Murten-1.jpg\" alt=\"\" data-id=\"2402\" data-full-url=\"https:\/\/www.artifex-bern.ch\/wp-content\/uploads\/2021\/01\/2_Elektrik_Umbau_Renovationen_Strom_Murten-1.jpg\" data-link=\"https:\/\/www.artifex-bern.ch\/?attachment_id=2402\" class=\"wp-image-2402\" srcset=\"https:\/\/www.artifex-bern.ch\/wp-content\/uploads\/2021\/01\/2_Elektrik_Umbau_Renovationen_Strom_Murten-1.jpg 800w, https:\/\/www.artifex-bern.ch\/wp-content\/uploads\/2021\/01\/2_Elektrik_Umbau_Renovationen_Strom_Murten-1-480x360.jpg 480w\" sizes=\"(min-width: 0px) and (max-width: 480px) 480px, (min-width: 481px) 800px, 100vw\" \/><\/figure><\/li><li class=\"blocks-gallery-item\"><figure><img loading=\"lazy\" decoding=\"async\" width=\"800\" height=\"600\" src=\"https:\/\/www.artifex-bern.ch\/wp-content\/uploads\/2021\/01\/3_Elektrik_Umbau_Renovationen_Strom_Murten-1.jpg\" alt=\"\" data-id=\"2403\" data-full-url=\"https:\/\/www.artifex-bern.ch\/wp-content\/uploads\/2021\/01\/3_Elektrik_Umbau_Renovationen_Strom_Murten-1.jpg\" data-link=\"https:\/\/www.artifex-bern.ch\/?attachment_id=2403\" class=\"wp-image-2403\" srcset=\"https:\/\/www.artifex-bern.ch\/wp-content\/uploads\/2021\/01\/3_Elektrik_Umbau_Renovationen_Strom_Murten-1.jpg 800w, https:\/\/www.artifex-bern.ch\/wp-content\/uploads\/2021\/01\/3_Elektrik_Umbau_Renovationen_Strom_Murten-1-480x360.jpg 480w\" sizes=\"(min-width: 0px) and (max-width: 480px) 480px, (min-width: 481px) 800px, 100vw\" \/><\/figure><\/li><li class=\"blocks-gallery-item\"><figure><img loading=\"lazy\" decoding=\"async\" width=\"806\" height=\"600\" src=\"https:\/\/www.artifex-bern.ch\/wp-content\/uploads\/2021\/01\/4_Elektrik_Umbau_Renovationen_Strom_Murten-1.jpg\" alt=\"\" data-id=\"2404\" data-full-url=\"https:\/\/www.artifex-bern.ch\/wp-content\/uploads\/2021\/01\/4_Elektrik_Umbau_Renovationen_Strom_Murten-1.jpg\" data-link=\"https:\/\/www.artifex-bern.ch\/?attachment_id=2404\" class=\"wp-image-2404\" srcset=\"https:\/\/www.artifex-bern.ch\/wp-content\/uploads\/2021\/01\/4_Elektrik_Umbau_Renovationen_Strom_Murten-1.jpg 806w, https:\/\/www.artifex-bern.ch\/wp-content\/uploads\/2021\/01\/4_Elektrik_Umbau_Renovationen_Strom_Murten-1-480x357.jpg 480w\" sizes=\"(min-width: 0px) and (max-width: 480px) 480px, (min-width: 481px) 806px, 100vw\" \/><\/figure><\/li><\/ul><\/figure>\n","protected":false},"excerpt":{"rendered":"<p>2020, Thoune (BE)<\/p>\n","protected":false},"author":2,"featured_media":2970,"comment_status":"closed","ping_status":"closed","template":"","meta":{"_et_pb_use_builder":"off","_et_pb_old_content":"","_et_gb_content_width":"","footnotes":""},"project_category":[39,36,38,41,40],"project_tag":[],"class_list":["post-3616","project","type-project","status-publish","has-post-thumbnail","hentry","project_category-electricite","project_category-montages","project_category-renovations","project_category-revetements-de-sol","project_category-sanitaire"],"_links":{"self":[{"href":"https:\/\/www.artifex-bern.ch\/fr\/wp-json\/wp\/v2\/project\/3616","targetHints":{"allow":["GET"]}}],"collection":[{"href":"https:\/\/www.artifex-bern.ch\/fr\/wp-json\/wp\/v2\/project"}],"about":[{"href":"https:\/\/www.artifex-bern.ch\/fr\/wp-json\/wp\/v2\/types\/project"}],"author":[{"embeddable":true,"href":"https:\/\/www.artifex-bern.ch\/fr\/wp-json\/wp\/v2\/users\/2"}],"replies":[{"embeddable":true,"href":"https:\/\/www.artifex-bern.ch\/fr\/wp-json\/wp\/v2\/comments?post=3616"}],"version-history":[{"count":1,"href":"https:\/\/www.artifex-bern.ch\/fr\/wp-json\/wp\/v2\/project\/3616\/revisions"}],"predecessor-version":[{"id":3617,"href":"https:\/\/www.artifex-bern.ch\/fr\/wp-json\/wp\/v2\/project\/3616\/revisions\/3617"}],"wp:featuredmedia":[{"embeddable":true,"href":"https:\/\/www.artifex-bern.ch\/fr\/wp-json\/wp\/v2\/media\/2970"}],"wp:attachment":[{"href":"https:\/\/www.artifex-bern.ch\/fr\/wp-json\/wp\/v2\/media?parent=3616"}],"wp:term":[{"taxonomy":"project_category","embeddable":true,"href":"https:\/\/www.artifex-bern.ch\/fr\/wp-json\/wp\/v2\/project_category?post=3616"},{"taxonomy":"project_tag","embeddable":true,"href":"https:\/\/www.artifex-bern.ch\/fr\/wp-json\/wp\/v2\/project_tag?post=3616"}],"curies":[{"name":"wp","href":"https:\/\/api.w.org\/{rel}","templated":true}]}}